{"id":2,"date":"2022-10-21T13:54:19","date_gmt":"2022-10-21T13:54:19","guid":{"rendered":"https:\/\/weingut-wess.at\/?page_id=2"},"modified":"2025-01-24T22:30:26","modified_gmt":"2025-01-24T21:30:26","slug":"sample-page","status":"publish","type":"page","link":"https:\/\/weingut-wess.at\/en\/","title":{"rendered":"Winery Wess"},"content":{"rendered":"<div class=\"gb-container gb-container-72112d5e alignfull\"><\/div>\n\n<div class=\"gb-container gb-container-548df17c\">\n<div class=\"gb-container gb-container-8900fc24\">\n\n<h1 class=\"gb-headline gb-headline-71b631f0 gb-headline-text\">David Juen<\/h1>\n\n\n\n<div class=\"gb-headline gb-headline-e2188053 gb-headline-text\"><strong>Der Winzer<\/strong><\/div>\n\n\n\n<p>David Juen repr\u00e4sentiert als engagierter Winzer die n\u00e4chste Generation \u00f6sterreichischer Weinmacher. Mit gro\u00dfer Leidenschaft widmet er sich seinen Weinbergen und der Arbeit im Keller, w\u00e4hrend er zugleich eine klare und vision\u00e4re Weiterentwicklung seines Weinguts anstrebt. F\u00fcr David umfasst Nachhaltigkeit nicht nur \u00f6kologische, sondern auch \u00f6konomische und soziale Aspekte. Sein Ziel ist es, ein erfolgreiches Weingut zu f\u00fchren, das wirtschaftlich stabil ist und gleichzeitig Freude, Erfolg und eine solide Lebensgrundlage f\u00fcr alle Beteiligten bietet.<\/p>\n\n<\/div>\n<\/div>\n\n<div class=\"gb-container gb-container-4f3eaaff\">\n<div class=\"gb-container gb-container-b7da8a24\">\n<div class=\"gb-grid-wrapper gb-grid-wrapper-01ece17e\">\n<div class=\"gb-grid-column gb-grid-column-058bc24b\"><div class=\"gb-container gb-container-058bc24b\">\n\n<h2 class=\"gb-headline gb-headline-16b498e6 gb-headline-text\">Philosophie<\/h2>\n\n\n\n<div class=\"gb-headline gb-headline-5787b636 gb-headline-text\">Nachhaltigkeit &amp; Lagen<\/div>\n\n\n\n<p>David Juen hat das Weingut 2023 \u00fcbernommen und neu ausgerichtet. Mit einem Fokus auf Innovation und Qualit\u00e4t hat er die Traubenproduktion durch optimierte Weinbergbewirtschaftung deutlich verbessert, die eng mit einer pr\u00e4zisen Zeitplanung verkn\u00fcpft ist. Dar\u00fcber hinaus gibt David seinen Weinen aus erstklassigen Lagen eine verl\u00e4ngerte Reifezeit im Fass, bevor sie den Weg auf den Markt finden.<\/p>\n\n<\/div><\/div>\n\n<div class=\"gb-grid-column gb-grid-column-b489da3b\"><div class=\"gb-container gb-container-b489da3b\">\n\n<figure class=\"gb-block-image gb-block-image-6a5da1a1\"><img loading=\"lazy\" decoding=\"async\" width=\"1000\" height=\"667\" class=\"gb-image gb-image-6a5da1a1\" src=\"https:\/\/weingut-wess.at\/wp-content\/uploads\/Steiner-Hund-Weingut-Wess-weingaerten-1.jpg\" alt=\"\" title=\"Steiner-Hund-Weingut-Wess-weingaerten\" srcset=\"https:\/\/weingut-wess.at\/wp-content\/uploads\/Steiner-Hund-Weingut-Wess-weingaerten-1.jpg 1000w, https:\/\/weingut-wess.at\/wp-content\/uploads\/Steiner-Hund-Weingut-Wess-weingaerten-1-300x200.jpg 300w, https:\/\/weingut-wess.at\/wp-content\/uploads\/Steiner-Hund-Weingut-Wess-weingaerten-1-600x400.jpg 600w, https:\/\/weingut-wess.at\/wp-content\/uploads\/Steiner-Hund-Weingut-Wess-weingaerten-1-768x512.jpg 768w\" sizes=\"auto, (max-width: 1000px) 100vw, 1000px\" \/><\/figure>\n\n<\/div><\/div>\n<\/div>\n<\/div>\n<\/div>\n\n<div class=\"gb-container gb-container-8347b6aa\">\n<div class=\"gb-container gb-container-f91cb0de\">\n<div class=\"gb-grid-wrapper gb-grid-wrapper-6fa5b9d4\">\n<div class=\"gb-grid-column gb-grid-column-7366e9eb\"><div class=\"gb-container gb-container-7366e9eb\">\n\n<figure class=\"gb-block-image gb-block-image-1670b5b5\"><img loading=\"lazy\" decoding=\"async\" width=\"1000\" height=\"666\" class=\"gb-image gb-image-1670b5b5\" src=\"https:\/\/weingut-wess.at\/wp-content\/uploads\/Weingut-WESS-Lese2022-fotocredit-Tessa-Viktoria-Kutsam.webp\" alt=\"\" title=\"Weingut-WESS-Lese2022-fotocredit-Tessa-Viktoria-Kutsam\" srcset=\"https:\/\/weingut-wess.at\/wp-content\/uploads\/Weingut-WESS-Lese2022-fotocredit-Tessa-Viktoria-Kutsam.webp 1000w, https:\/\/weingut-wess.at\/wp-content\/uploads\/Weingut-WESS-Lese2022-fotocredit-Tessa-Viktoria-Kutsam-300x200.webp 300w, https:\/\/weingut-wess.at\/wp-content\/uploads\/Weingut-WESS-Lese2022-fotocredit-Tessa-Viktoria-Kutsam-768x511.webp 768w, https:\/\/weingut-wess.at\/wp-content\/uploads\/Weingut-WESS-Lese2022-fotocredit-Tessa-Viktoria-Kutsam-18x12.webp 18w, https:\/\/weingut-wess.at\/wp-content\/uploads\/Weingut-WESS-Lese2022-fotocredit-Tessa-Viktoria-Kutsam-600x400.webp 600w\" sizes=\"auto, (max-width: 1000px) 100vw, 1000px\" \/><\/figure>\n\n<\/div><\/div>\n\n<div class=\"gb-grid-column gb-grid-column-d64ebc5d\"><div class=\"gb-container gb-container-d64ebc5d\">\n\n<h2 class=\"gb-headline gb-headline-c22c1cb7 gb-headline-text\">Verkostung im Weingut<\/h2>\n\n\n\n<div class=\"gb-headline gb-headline-171cbdd7 gb-headline-text\">Kosten &amp; sich verlieben<\/div>\n\n\n\n<p>Gerne verkoste ich mit Ihnen gemeinsam unsere Gebietsweine, \u00fcber Ortsweine bis zu den Einzellagen.&nbsp;Die Verkostung dauert rund 90 Minuten und kostet 32 Euro pro Person (R\u00fcckerstattung bei Einkauf ab 100 Euro pro Person).&nbsp;<br>Bitte um rechtzeitige Terminvereinbarung.&nbsp;<\/p>\n\n\n\n<a class=\"gb-button gb-button-6fee9708 gb-button-text\" href=\"mailto:info@weingut-wess.at?subject=Verkostungstermin Weingut Wess&amp;body=Gew\u00fcnschter Verkostungstermin:%0AUhrzeit:%0APersonenanzahl:\">Termin vereinbaren<\/a>\n\n<\/div><\/div>\n<\/div>\n<\/div>\n<\/div>\n\n<div class=\"gb-container gb-container-81f7bdaa\">\n<div class=\"gb-container gb-container-9dbab692\">\n\n<h2 class=\"gb-headline gb-headline-c70bb7f0 gb-headline-text\">Lagen<\/h2>\n\n\n\n<div class=\"gb-headline gb-headline-02955e63 gb-headline-text\">Den Ort der gereiften Trauben schmecken<\/div>\n\n\n<div class=\"gb-grid-wrapper gb-grid-wrapper-655e797c\">\n<div class=\"gb-grid-column gb-grid-column-c24e7342\"><div class=\"gb-container gb-container-c24e7342\">\n\n<a class=\"gb-button gb-button-450cd447 gb-button-text\" href=\"https:\/\/weingut-wess.at\/weingaerten\/#Steiner-Koegl\"><strong>Steiner K\u00f6gl 1 \u00d6TW<\/strong><\/a>\n\n<\/div><\/div>\n\n<div class=\"gb-grid-column gb-grid-column-abf6d424\"><div class=\"gb-container gb-container-abf6d424\">\n\n<a class=\"gb-button gb-button-90a7f832 gb-button-text\" href=\"https:\/\/weingut-wess.at\/weingaerten\/#Steiner-Pfaffenberg\"><strong>Steiner Pfaffenberg 1 \u00d6TW<\/strong><\/a>\n\n<\/div><\/div>\n\n<div class=\"gb-grid-column gb-grid-column-bbe8bc5d\"><div class=\"gb-container gb-container-bbe8bc5d\">\n\n<a class=\"gb-button gb-button-97bddd0e gb-button-text\" href=\"https:\/\/weingut-wess.at\/weingaerten\/#Loibner-Loibenberg\"><strong><strong>Loibner Loibenberg<\/strong><\/strong><\/a>\n\n<\/div><\/div>\n\n<div class=\"gb-grid-column gb-grid-column-e7862148\"><div class=\"gb-container gb-container-e7862148\">\n\n<a class=\"gb-button gb-button-21f4145f gb-button-text\" href=\"https:\/\/weingut-wess.at\/weingaerten\/#Weinzierlberg\"><strong>Weinzierlberg<\/strong><\/a>\n\n<\/div><\/div>\n\n<div class=\"gb-grid-column gb-grid-column-8e344734\"><div class=\"gb-container gb-container-8e344734\">\n\n<a class=\"gb-button gb-button-0c8b71e4 gb-button-text\" href=\"https:\/\/weingut-wess.at\/weingaerten\/#Braunsdorfer\"><strong><strong><strong>Pinot<\/strong><\/strong><\/strong><\/a>\n\n<\/div><\/div>\n<\/div>\n<\/div>\n<\/div>\n\n<div class=\"gb-container gb-container-e3406900\">\n<div class=\"gb-container gb-container-70399d00\">\n\n<h2 class=\"gb-headline gb-headline-115c2a6c gb-headline-text\">Unsere Weine<\/h2>\n\n\n\n<div class=\"gb-headline gb-headline-9d18dd84 gb-headline-text\">Reiner Genuss in Flaschen<\/div>\n\n\n<div data-align-buttons=\"true\" data-block-name=\"woocommerce\/handpicked-products\" data-content-visibility=\"{&quot;image&quot;:true,&quot;title&quot;:true,&quot;price&quot;:false,&quot;rating&quot;:false,&quot;button&quot;:false}\" data-products=\"[29342,29355,29330]\" class=\"wc-block-grid wp-block-handpicked-products wp-block-woocommerce-handpicked-products wc-block-handpicked-products has-3-columns has-multiple-rows has-aligned-buttons\"><ul class=\"wc-block-grid__products\"><li class=\"wc-block-grid__product\">\n\t\t\t\t<a href=\"https:\/\/weingut-wess.at\/en\/weine\/zweigelt-st-laurent\/\" class=\"wc-block-grid__product-link\">\n\t\t\t\t\t\n\t\t\t\t\t<div class=\"wc-block-grid__product-image\"><img loading=\"lazy\" decoding=\"async\" width=\"300\" height=\"1019\" src=\"https:\/\/weingut-wess.at\/wp-content\/uploads\/Zweigelt-St-Laurent-Weingut-Wess-300x1019.jpg\" class=\"attachment-woocommerce_thumbnail size-woocommerce_thumbnail\" alt=\"Weinflasche Zweigelt St Laurent Weingut Wess\" srcset=\"https:\/\/weingut-wess.at\/wp-content\/uploads\/Zweigelt-St-Laurent-Weingut-Wess-300x1019.jpg 300w, https:\/\/weingut-wess.at\/wp-content\/uploads\/Zweigelt-St-Laurent-Weingut-Wess-88x300.jpg 88w, https:\/\/weingut-wess.at\/wp-content\/uploads\/Zweigelt-St-Laurent-Weingut-Wess-452x1536.jpg 452w, https:\/\/weingut-wess.at\/wp-content\/uploads\/Zweigelt-St-Laurent-Weingut-Wess.jpg 500w\" sizes=\"auto, (max-width: 300px) 100vw, 300px\" \/><\/div>\n\t\t\t\t\t<div class=\"wc-block-grid__product-title\">Zweigelt | St.Laurent<\/div>\n\t\t\t\t<\/a>\n\t\t\t\t\n\t\t\t\t\n\t\t\t\t\n\t\t\t<\/li><li class=\"wc-block-grid__product\">\n\t\t\t\t<a href=\"https:\/\/weingut-wess.at\/en\/weine\/krems-riesling-dac-reserve\/\" class=\"wc-block-grid__product-link\">\n\t\t\t\t\t\n\t\t\t\t\t<div class=\"wc-block-grid__product-image\"><img loading=\"lazy\" decoding=\"async\" width=\"300\" height=\"1019\" src=\"https:\/\/weingut-wess.at\/wp-content\/uploads\/Krems-Riesling-alte-Rebe-Weingut-Wess-300x1019.jpg\" class=\"attachment-woocommerce_thumbnail size-woocommerce_thumbnail\" alt=\"Weinflasche Krems Riesling alte Rebe Weingut Wess\" srcset=\"https:\/\/weingut-wess.at\/wp-content\/uploads\/Krems-Riesling-alte-Rebe-Weingut-Wess-300x1019.jpg 300w, https:\/\/weingut-wess.at\/wp-content\/uploads\/Krems-Riesling-alte-Rebe-Weingut-Wess-88x300.jpg 88w, https:\/\/weingut-wess.at\/wp-content\/uploads\/Krems-Riesling-alte-Rebe-Weingut-Wess-452x1536.jpg 452w, https:\/\/weingut-wess.at\/wp-content\/uploads\/Krems-Riesling-alte-Rebe-Weingut-Wess.jpg 500w\" sizes=\"auto, (max-width: 300px) 100vw, 300px\" \/><\/div>\n\t\t\t\t\t<div class=\"wc-block-grid__product-title\">Krems \u201eAlte Reben\u201c Riesling DAC<\/div>\n\t\t\t\t<\/a>\n\t\t\t\t\n\t\t\t\t\n\t\t\t\t\n\t\t\t<\/li><li class=\"wc-block-grid__product\">\n\t\t\t\t<a href=\"https:\/\/weingut-wess.at\/en\/weine\/pfaffenberg-riesling-dac-reserve\/\" class=\"wc-block-grid__product-link\">\n\t\t\t\t\t\n\t\t\t\t\t<div class=\"wc-block-grid__product-image\"><img loading=\"lazy\" decoding=\"async\" width=\"300\" height=\"1019\" src=\"https:\/\/weingut-wess.at\/wp-content\/uploads\/Pfaffenberg-Riesling-Weingut-Wess-2-300x1019.jpg\" class=\"attachment-woocommerce_thumbnail size-woocommerce_thumbnail\" alt=\"Weinflasche Pfaffenberg Riesling Weingut Wess\" srcset=\"https:\/\/weingut-wess.at\/wp-content\/uploads\/Pfaffenberg-Riesling-Weingut-Wess-2-300x1019.jpg 300w, https:\/\/weingut-wess.at\/wp-content\/uploads\/Pfaffenberg-Riesling-Weingut-Wess-2-88x300.jpg 88w, https:\/\/weingut-wess.at\/wp-content\/uploads\/Pfaffenberg-Riesling-Weingut-Wess-2-452x1536.jpg 452w, https:\/\/weingut-wess.at\/wp-content\/uploads\/Pfaffenberg-Riesling-Weingut-Wess-2.jpg 500w\" sizes=\"auto, (max-width: 300px) 100vw, 300px\" \/><\/div>\n\t\t\t\t\t<div class=\"wc-block-grid__product-title\">Steiner Pfaffenberg Riesling DAC<\/div>\n\t\t\t\t<\/a>\n\t\t\t\t\n\t\t\t\t\n\t\t\t\t\n\t\t\t<\/li><\/ul><\/div>\n<\/div>\n<\/div>\n\n<div class=\"gb-container gb-container-39c9b29e\">\n<div class=\"gb-container gb-container-abcdb190\">\n<div class=\"gb-grid-wrapper gb-grid-wrapper-9328163f\">\n<div class=\"gb-grid-column gb-grid-column-bf40584d\"><div class=\"gb-container gb-container-bf40584d\">\n\n<h2 class=\"gb-headline gb-headline-306588c1 gb-headline-text\">Das Weinmachen<\/h2>\n\n\n\n<div class=\"gb-headline gb-headline-f9e4138b gb-headline-text\">L\u00e4ngerer Reife &amp; Charaktere der Lagen<\/div>\n\n\n\n<p>Ried Pfaffenberg 1\u00d6TW, Ried Loibenberg und Ried Weinzierlberg 1\u00d6TW \u2013 David Juen legt gro\u00dfen Wert darauf, die geologischen Unterschiede dieser Lagen herauszuarbeiten. Von L\u00f6ss- bis zu Urgesteinsb\u00f6den mit Schieferanteilen spiegeln die Rebsorten Gr\u00fcner Veltliner und Riesling die Vielfalt der B\u00f6den wider. Dar\u00fcber hinaus bieten die steilen Weinberge des Kremstals bemerkenswerte klimatische Unterschiede \u2013 von warmen Zonen in der N\u00e4he der Donau bis hin zu extrem k\u00fchlen Parzellen in h\u00f6heren Lagen. Um diese einzigartigen Charaktere optimal herauszuarbeiten, gibt David seinen Weinen mehr Zeit zur Reifung. Besonders die Rieslinge lagern bei ihm mindestens ein Jahr l\u00e4nger, bevor sie auf den Markt kommen \u2013 auch wenn dies dem kommerziellen Mainstream widerspricht.<\/p>\n\n<\/div><\/div>\n\n<div class=\"gb-grid-column gb-grid-column-409cc36d\"><div class=\"gb-container gb-container-409cc36d\">\n\n<figure class=\"gb-block-image gb-block-image-b24395f2\"><img loading=\"lazy\" decoding=\"async\" width=\"1000\" height=\"667\" class=\"gb-image gb-image-b24395f2\" src=\"https:\/\/weingut-wess.at\/wp-content\/uploads\/Natural-wines-Koegl-GV-weingut-wess-1.jpg\" alt=\"\" title=\"Natural-wines-Koegl-GV-weingut-wess\" srcset=\"https:\/\/weingut-wess.at\/wp-content\/uploads\/Natural-wines-Koegl-GV-weingut-wess-1.jpg 1000w, https:\/\/weingut-wess.at\/wp-content\/uploads\/Natural-wines-Koegl-GV-weingut-wess-1-300x200.jpg 300w, https:\/\/weingut-wess.at\/wp-content\/uploads\/Natural-wines-Koegl-GV-weingut-wess-1-768x512.jpg 768w, https:\/\/weingut-wess.at\/wp-content\/uploads\/Natural-wines-Koegl-GV-weingut-wess-1-600x400.jpg 600w\" sizes=\"auto, (max-width: 1000px) 100vw, 1000px\" \/><\/figure>\n\n<\/div><\/div>\n<\/div>\n<\/div>\n<\/div>\n\n<div class=\"gb-container gb-container-7d1259e2\">\n<div class=\"gb-container gb-container-8bc7a71a\">\n\n<h2 class=\"gb-headline gb-headline-28856aa8 gb-headline-text\">Termine<\/h2>\n\n\n\n<div class=\"gb-headline gb-headline-5988dba5 gb-headline-text\">Weinverkostungen, Events und Veranstaltungen<\/div>\n\n\n\n<div class=\"gb-grid-wrapper gb-grid-wrapper-ea910455 order_by_object_name gb-query-loop-wrapper\">\n<div class=\"gb-grid-column gb-grid-column-61a6ca3b gb-query-loop-item post-29992 termin type-termin status-publish hentry\"><div class=\"gb-container gb-container-61a6ca3b\">\n<h2 class=\"gb-headline gb-headline-5db1a768 gb-headline-text\"><a href=\"https:\/\/weingut-wess.at\/en\/termin\/singel-vineyard-summit\/\">Singel Vineyard Summit<\/a><\/h2>\n\n<div class=\"gb-grid-wrapper gb-grid-wrapper-3b570adf\">\n<div class=\"gb-grid-column gb-grid-column-8c2258c9\"><div class=\"gb-container gb-container-8c2258c9\">\n\n<div class=\"gb-headline gb-headline-2b631739 gb-headline-text\">Von:<\/div>\n\n<\/div><\/div>\n\n<div class=\"gb-grid-column gb-grid-column-a6792fe2\"><div class=\"gb-container gb-container-a6792fe2\">\n<div class=\"gb-headline gb-headline-9299911c gb-headline-text\">September 9, 2024 00:00<\/div>\n<\/div><\/div>\n<\/div>\n\n<div class=\"gb-grid-wrapper gb-grid-wrapper-1183068d\">\n<div class=\"gb-grid-column gb-grid-column-0e233e86\"><div class=\"gb-container gb-container-0e233e86\">\n\n<div class=\"gb-headline gb-headline-3793b5ea gb-headline-text\">Bis:<\/div>\n\n<\/div><\/div>\n\n<div class=\"gb-grid-column gb-grid-column-b4ad8ebc\"><div class=\"gb-container gb-container-b4ad8ebc\">\n<div class=\"gb-headline gb-headline-440d0684 gb-headline-text\">September 12, 2024 00:00<\/div>\n<\/div><\/div>\n<\/div>\n\n<div class=\"gb-grid-wrapper gb-grid-wrapper-90a334e7\">\n<div class=\"gb-grid-column gb-grid-column-81ff40e3\"><div class=\"gb-container gb-container-81ff40e3\">\n\n<div class=\"gb-headline gb-headline-d635bdac gb-headline-text\">Veranstalter<\/div>\n\n<\/div><\/div>\n\n<div class=\"gb-grid-column gb-grid-column-620eab7c\"><div class=\"gb-container gb-container-620eab7c\">\n<div class=\"gb-headline gb-headline-0aa10bc1 gb-headline-text\">Traditionsweing\u00fcter<\/div>\n<\/div><\/div>\n<\/div>\n\n<div class=\"gb-grid-wrapper gb-grid-wrapper-8eefb31f\">\n<div class=\"gb-grid-column gb-grid-column-692db69d\"><div class=\"gb-container gb-container-692db69d\">\n\n<div class=\"gb-headline gb-headline-b48a930d gb-headline-text\">Ort:<\/div>\n\n<\/div><\/div>\n\n<div class=\"gb-grid-column gb-grid-column-16e9a502\"><div class=\"gb-container gb-container-16e9a502\">\n<div class=\"gb-headline gb-headline-57a010e2 gb-headline-text\">Schloss Grafenegg<\/div>\n<\/div><\/div>\n<\/div>\n<\/div><\/div>\n\n<div class=\"gb-grid-column gb-grid-column-61a6ca3b gb-query-loop-item post-29991 termin type-termin status-publish hentry\"><div class=\"gb-container gb-container-61a6ca3b\">\n<h2 class=\"gb-headline gb-headline-5db1a768 gb-headline-text\"><a href=\"https:\/\/weingut-wess.at\/en\/termin\/erste-lagen-praesentation-grafenegg\/\">Erste Lagen Pr\u00e4sentation Grafenegg<\/a><\/h2>\n\n<div class=\"gb-grid-wrapper gb-grid-wrapper-3b570adf\">\n<div class=\"gb-grid-column gb-grid-column-8c2258c9\"><div class=\"gb-container gb-container-8c2258c9\">\n\n<div class=\"gb-headline gb-headline-2b631739 gb-headline-text\">Von:<\/div>\n\n<\/div><\/div>\n\n<div class=\"gb-grid-column gb-grid-column-a6792fe2\"><div class=\"gb-container gb-container-a6792fe2\">\n<div class=\"gb-headline gb-headline-9299911c gb-headline-text\">September 7, 2024 00:00<\/div>\n<\/div><\/div>\n<\/div>\n\n<div class=\"gb-grid-wrapper gb-grid-wrapper-1183068d\">\n<div class=\"gb-grid-column gb-grid-column-0e233e86\"><div class=\"gb-container gb-container-0e233e86\">\n\n<div class=\"gb-headline gb-headline-3793b5ea gb-headline-text\">Bis:<\/div>\n\n<\/div><\/div>\n\n<div class=\"gb-grid-column gb-grid-column-b4ad8ebc\"><div class=\"gb-container gb-container-b4ad8ebc\">\n\n<\/div><\/div>\n<\/div>\n\n<div class=\"gb-grid-wrapper gb-grid-wrapper-90a334e7\">\n<div class=\"gb-grid-column gb-grid-column-81ff40e3\"><div class=\"gb-container gb-container-81ff40e3\">\n\n<div class=\"gb-headline gb-headline-d635bdac gb-headline-text\">Veranstalter<\/div>\n\n<\/div><\/div>\n\n<div class=\"gb-grid-column gb-grid-column-620eab7c\"><div class=\"gb-container gb-container-620eab7c\">\n<div class=\"gb-headline gb-headline-0aa10bc1 gb-headline-text\">Traditionsweing\u00fcter<\/div>\n<\/div><\/div>\n<\/div>\n\n<div class=\"gb-grid-wrapper gb-grid-wrapper-8eefb31f\">\n<div class=\"gb-grid-column gb-grid-column-692db69d\"><div class=\"gb-container gb-container-692db69d\">\n\n<div class=\"gb-headline gb-headline-b48a930d gb-headline-text\">Ort:<\/div>\n\n<\/div><\/div>\n\n<div class=\"gb-grid-column gb-grid-column-16e9a502\"><div class=\"gb-container gb-container-16e9a502\">\n<div class=\"gb-headline gb-headline-57a010e2 gb-headline-text\">Schloss Grafenegg<\/div>\n<\/div><\/div>\n<\/div>\n<\/div><\/div>\n<\/div>\n\n\n\n<a class=\"gb-button gb-button-7ee0394c gb-button-text\" href=\"https:\/\/weingut-wess.at\/b\/Termine\/\">zu allen Terminen<\/a>\n\n<\/div>\n<\/div>","protected":false},"excerpt":{"rendered":"<p>David Juen Der Winzer David Juen repr\u00e4sentiert als engagierter Winzer die n\u00e4chste Generation \u00f6sterreichischer Weinmacher. Mit gro\u00dfer Leidenschaft widmet er sich seinen Weinbergen und der Arbeit im Keller, w\u00e4hrend er zugleich eine klare und vision\u00e4re Weiterentwicklung seines Weinguts anstrebt. F\u00fcr David umfasst Nachhaltigkeit nicht nur \u00f6kologische, sondern auch \u00f6konomische und soziale Aspekte. Sein Ziel ist &#8230; <a title=\"Winery Wess\" class=\"read-more\" href=\"https:\/\/weingut-wess.at\/en\/\" aria-label=\"Read more about Winery Wess\">Read more<\/a><\/p>","protected":false},"author":3,"featured_media":0,"parent":0,"menu_order":0,"comment_status":"closed","ping_status":"open","template":"","meta":{"_acf_changed":false,"inline_featured_image":false,"footnotes":""},"class_list":["post-2","page","type-page","status-publish"],"acf":[],"_links":{"self":[{"href":"https:\/\/weingut-wess.at\/en\/wp-json\/wp\/v2\/pages\/2","targetHints":{"allow":["GET"]}}],"collection":[{"href":"https:\/\/weingut-wess.at\/en\/wp-json\/wp\/v2\/pages"}],"about":[{"href":"https:\/\/weingut-wess.at\/en\/wp-json\/wp\/v2\/types\/page"}],"author":[{"embeddable":true,"href":"https:\/\/weingut-wess.at\/en\/wp-json\/wp\/v2\/users\/3"}],"replies":[{"embeddable":true,"href":"https:\/\/weingut-wess.at\/en\/wp-json\/wp\/v2\/comments?post=2"}],"version-history":[{"count":101,"href":"https:\/\/weingut-wess.at\/en\/wp-json\/wp\/v2\/pages\/2\/revisions"}],"predecessor-version":[{"id":30059,"href":"https:\/\/weingut-wess.at\/en\/wp-json\/wp\/v2\/pages\/2\/revisions\/30059"}],"wp:attachment":[{"href":"https:\/\/weingut-wess.at\/en\/wp-json\/wp\/v2\/media?parent=2"}],"curies":[{"name":"wp","href":"https:\/\/api.w.org\/{rel}","templated":true}]}}